{"id":1825,"date":"2017-04-04T18:56:12","date_gmt":"2017-04-04T18:56:12","guid":{"rendered":"https:\/\/materiaisdiversos.com\/?post_type=desenvolvemos&#038;p=1825"},"modified":"2023-04-17T14:23:30","modified_gmt":"2023-04-17T14:23:30","slug":"o-tempo-das-cerejas","status":"publish","type":"desenvolvemos","link":"https:\/\/materiaisdiversos.com\/en\/we-develop\/o-tempo-das-cerejas\/","title":{"rendered":"O Tempo das Cerejas"},"content":{"rendered":"<p>In 2022, we will carry out O Tempo das Cherries in the form of public conversations, touring various cultural spaces in the territories where we program. These conversations will be videotaped and then shared online.<\/p>\n<p>Anticipating the last of this year&#8217;s sessions, dedicated to the book by Ana Pais &#8220;Who&#8217;s afraid of emotions?&#8221;, we highlight the title &#8220;Who&#8217;s afraid&#8230;?&#8221; as a trigger for each of the sessions of O Tempo das Cerejas 2022. The various declinations of this question challenge us to debate issues that are at the same time pressing and fracturing these days, not only at a social and political level, but also from the point of view of the relationship between action and discourse. At the same time, these themes reflect several of the projects of the Materials Diversity Regular Program, from workshops with young people to the creations of artists that we support in 2022. Throughout the year, we will ask ourselves:<\/p>\n<p>Who&#8217;s Afraid of Differences?, Who&#8217;s Afraid of Change?, Who&#8217;s Afraid of Collectives? and Who is afraid of emotions?<\/p>\n<p><b>2 Abril Cine-teatro S\u00e3o Pedro | Quem tem medo das diferen\u00e7as?<\/b><span style=\"font-weight: 400;\">\u00a0with <a href=\"https:\/\/materiaisdiversos.com\/autores\/joana-gorjao-henriques\/\">Joana Gorj\u00e3o Henriques<\/a> and <a href=\"https:\/\/materiaisdiversos.com\/autores\/shahd-wadi\/\">Shahd Wadi<\/a><\/span><\/p>\n<p><b>4 Junho | Centro Ci\u00eancia Viva do Alviela<\/b><span style=\"font-weight: 400;\"> with Lu\u00edsa Schmidt and Susana Peralta<\/span><\/p>\n<p><b>10 Setembro | Museu de Aguarela Roque Gameiro <\/b><span style=\"font-weight: 400;\">with Cristina Planas Leit\u00e3o and coletivo Au\u00e9eeu<\/span><\/p>\n<p><span style=\"font-weight: 400;\">Data a definir | <\/span><b>Quem tem medo das emo\u00e7\u00f5es?<\/b><span style=\"font-weight: 400;\">, with Ana Pais<\/span><\/p>\n<p>&nbsp;<\/p>\n<h3><\/h3>\n<h3><strong>O Tempo das Cerejas 2021<\/strong><\/h3>\n<p>&nbsp;<\/p>\n<p><a href=\"https:\/\/open.spotify.com\/episode\/1DXcj9xVNaR0eKFQGYl2PV\">Podcast &#8211; Episode 1<\/a><br \/>\nJudite Canha Fernandes and Maria Gil<strong><br \/>\n<\/strong><\/p>\n<p><a href=\"https:\/\/open.spotify.com\/episode\/00Xdln5Ji3b21wQfJ4gOCL?si=EHv4oWd-RuC1zzU6SydoGw\" target=\"_blank\" rel=\"noopener noreferrer\" data-saferedirecturl=\"https:\/\/www.google.com\/url?q=https:\/\/open.spotify.com\/episode\/00Xdln5Ji3b21wQfJ4gOCL?si%3DEHv4oWd-RuC1zzU6SydoGw&amp;source=gmail&amp;ust=1615022714724000&amp;usg=AFQjCNFP8BoHG97Q2yobkRSWiK9k8gn--g\">Podcast &#8211; Episode 2<\/a><br \/>\nDiana Niepce and Sofia Silva<\/p>\n<p><a href=\"https:\/\/open.spotify.com\/episode\/70byX5Vvd3BKZswdrBsd5R\">Podcast &#8211; Episode 3<\/a><br \/>\nCostanza Givone and Giulia Lamoni<\/p>\n<p><a href=\"https:\/\/open.spotify.com\/episode\/3QSeHfYz4RBChYQIU9qTje\">Podcast &#8211; Episode 4<\/a><br \/>\nMelissa Rodrigues and Samuel Guimar\u00e3es<\/p>\n<p><a href=\"https:\/\/open.spotify.com\/episode\/49qtBttdxuSesLJUWVZ3Ts\">Podcast &#8211; Episode 5<\/a><br \/>\nJos\u00e9 Louza and Rodrigo Malvar<\/p>\n<p><a href=\"https:\/\/open.spotify.com\/episode\/4jLHl8K39YAx94V9xucTVG\">Podcast &#8211; Episode 6<\/a><br \/>\nCarlota Lagido and Maria Helena Fal\u00e9<\/p>\n<p>&nbsp;<\/p>\n<h3><strong>O Tempo das Cerejas 2020<\/strong><\/h3>\n<p>&nbsp;<\/p>\n<p><a href=\"https:\/\/issuu.com\/materiaisdiversos1\/docs\/os_invis_veis__de_jo_o_sousa_cardoso\" target=\"_blank\" rel=\"noopener noreferrer\"><strong>The Invisible Ones by Jo\u00e3o Sousa Cardoso<\/strong><\/a><\/p>\n<p><a href=\"https:\/\/materiaisdiversos.com\/wp-content\/uploads\/Texto-de-Alessandro-Sciarroni.pdf\" target=\"_blank\" rel=\"noopener noreferrer\">Text by Alessandro Sciarroni (in Italian)<\/a><\/p>\n<p><a href=\"https:\/\/materiaisdiversos.com\/wp-content\/uploads\/Carta-de-Quim-Bigas.pdf\">Letter by Quim Bigas<\/a><\/p>\n<p><a href=\"https:\/\/materiaisdiversos.com\/wp-content\/uploads\/Texto-Mafalda-D\u00e2maso-1.pdf\">Going forward, not backward by Mafalda D\u00e2maso<\/a><\/p>\n<p><a href=\"https:\/\/materiaisdiversos.com\/wp-content\/uploads\/O-tempo-das-cerejas-5-Christiana-Galanopoulou.pdf\">2020, by Christiana Galanopoulou<\/a><\/p>\n<p><a href=\"https:\/\/materiaisdiversos.com\/wp-content\/uploads\/Combater-Medo.pdf\">Going back to our roots to combat fear, by Gabriel Feitor<\/a><\/p>\n<p><a href=\"https:\/\/materiaisdiversos.com\/wp-content\/uploads\/O-tempo-das-cerejas-nov-final.pdf\">I highly recommend the blue pencil used on the tyrant father&#8217;s law, by C\u00e1tia Terrinca<\/a><\/p>\n<p>&nbsp;<\/p>\n<h3>O Tempo das Cerejas by students of Communication Design at Escola Art\u00edstica Ant\u00f3nio Arroio<\/h3>\n<p>&nbsp;<\/p>\n<p>With regards to\u00a0<em>O Tempo das Cerejas,<\/em>\u00a0throughout this past year we established a partnership with the Communications Design course at Escola Art\u00edstica Ant\u00f3nio Arroio, within the scope of of FCT &#8211; Forma\u00e7\u00e3o em Contexto de Trabalho (Work-related Training). The students specializing in Graphic Design developed editorial projects for the texts produced in 2020 for\u00a0<em>O Tempo das Cerejas<\/em>. We share the work that was developed, the publications the students paged and the DYI versions, for those who wish to publish their own work at home.<\/p>\n<p>&nbsp;<\/p>\n<p>Group 1<br \/>\n<a href=\"https:\/\/materiaisdiversos.com\/wp-content\/uploads\/eBook-ING_compressed.pdf\">E-book<\/a> | <a href=\"https:\/\/materiaisdiversos.com\/wp-content\/uploads\/DIY-ING_compressed.pdf\">DIY<\/a> | <a href=\"https:\/\/materiaisdiversos.com\/wp-content\/uploads\/Instru\u00e1\u2030es-ING_compressed.pdf\">Instructions<\/a><\/p>\n<p>Group 2<br \/>\n<a href=\"https:\/\/materiaisdiversos.com\/wp-content\/uploads\/Ebook-ING_compressed.pdf\">E-book<\/a> | <a href=\"https:\/\/issuu.com\/materiaisdiversos1\/docs\/ilovepdf_merged_1_\">DIY<\/a> | <a href=\"https:\/\/materiaisdiversos.com\/wp-content\/uploads\/Instru\u00e1\u2030es-DIY-Ingl\u00e0s_compressed.pdf\">Instructions<\/a><\/p>\n<p>Group 3<br \/>\n<a href=\"https:\/\/materiaisdiversos.com\/wp-content\/uploads\/T2A_tempo_cerejas_ebook_ing_compressed.pdf\">E-book<\/a> | <a href=\"https:\/\/materiaisdiversos.com\/wp-content\/uploads\/T2A_tempo_cerejas_diy_ing_compressed.pdf\">DIY<\/a> +\u00a0<a href=\"https:\/\/issuu.com\/materiaisdiversos1\/docs\/t2a_tempo_cerejas_diy_capas\">Covers<\/a> | <a href=\"https:\/\/materiaisdiversos.com\/wp-content\/uploads\/T2A_tempo_cerejas_instru\u00e1\u2030es_ing_compressed.pdf\">Instructions<\/a><\/p>\n<p>Group 4<br \/>\n<a href=\"https:\/\/materiaisdiversos.com\/wp-content\/uploads\/e_book-T2_B_compressed.pdf\">E-book<\/a> | <a href=\"https:\/\/issuu.com\/materiaisdiversos1\/docs\/diy_ing_compressed\">DIY<\/a> + <a href=\"https:\/\/materiaisdiversos.com\/wp-content\/uploads\/Capas_DIY.pdf\">Covers<\/a> | <a href=\"https:\/\/materiaisdiversos.com\/wp-content\/uploads\/Instru\u00e1\u2030es_compressed.pdf\">Instructions<\/a><\/p>\n","protected":false},"featured_media":4081,"template":"","class_list":["post-1825","desenvolvemos","type-desenvolvemos","status-publish","has-post-thumbnail","hentry","area-reflection"],"acf":[],"yoast_head":"<!-- This site is optimized with the Yoast SEO plugin v27.5 - https:\/\/yoast.com\/product\/yoast-seo-wordpress\/ -->\n<title>O Tempo das Cerejas - Materiais Diversos<\/title>\n<meta name=\"robots\" content=\"index, follow, max-snippet:-1, max-image-preview:large, max-video-preview:-1\" \/>\n<link rel=\"canonical\" href=\"https:\/\/materiaisdiversos.com\/desenvolvemos\/o-tempo-das-cerejas\/?lang=en\" \/>\n<meta property=\"og:locale\" content=\"en_US\" \/>\n<meta property=\"og:type\" content=\"article\" \/>\n<meta property=\"og:title\" content=\"O Tempo das Cerejas - Materiais Diversos\" \/>\n<meta property=\"og:description\" content=\"In 2022, we will carry out O Tempo das Cherries in the form of public conversations, touring various cultural spaces in the territories where we program. These conversations will be videotaped and then shared online. Anticipating the last of this year&#8217;s sessions, dedicated to the book by Ana Pais &#8220;Who&#8217;s afraid of emotions?&#8221;, we highlight [&hellip;]\" \/>\n<meta property=\"og:url\" content=\"https:\/\/materiaisdiversos.com\/desenvolvemos\/o-tempo-das-cerejas\/?lang=en\" \/>\n<meta property=\"og:site_name\" content=\"Materiais Diversos\" \/>\n<meta property=\"article:modified_time\" content=\"2023-04-17T14:23:30+00:00\" \/>\n<meta property=\"og:image\" content=\"https:\/\/materiaisdiversos.com\/wp-content\/uploads\/OTDC_2022.png\" \/>\n\t<meta property=\"og:image:width\" content=\"1000\" \/>\n\t<meta property=\"og:image:height\" content=\"1000\" \/>\n\t<meta property=\"og:image:type\" content=\"image\/png\" \/>\n<meta name=\"twitter:card\" content=\"summary_large_image\" \/>\n<meta name=\"twitter:label1\" content=\"Est. reading time\" \/>\n\t<meta name=\"twitter:data1\" content=\"2 minutes\" \/>\n<script type=\"application\/ld+json\" class=\"yoast-schema-graph\">{\"@context\":\"https:\\\/\\\/schema.org\",\"@graph\":[{\"@type\":\"WebPage\",\"@id\":\"https:\\\/\\\/materiaisdiversos.com\\\/desenvolvemos\\\/o-tempo-das-cerejas\\\/?lang=en\",\"url\":\"https:\\\/\\\/materiaisdiversos.com\\\/desenvolvemos\\\/o-tempo-das-cerejas\\\/?lang=en\",\"name\":\"O Tempo das Cerejas - Materiais Diversos\",\"isPartOf\":{\"@id\":\"https:\\\/\\\/materiaisdiversos.com\\\/#website\"},\"primaryImageOfPage\":{\"@id\":\"https:\\\/\\\/materiaisdiversos.com\\\/desenvolvemos\\\/o-tempo-das-cerejas\\\/?lang=en#primaryimage\"},\"image\":{\"@id\":\"https:\\\/\\\/materiaisdiversos.com\\\/desenvolvemos\\\/o-tempo-das-cerejas\\\/?lang=en#primaryimage\"},\"thumbnailUrl\":\"https:\\\/\\\/materiaisdiversos.com\\\/wp-content\\\/uploads\\\/OTDC_2022.png\",\"datePublished\":\"2017-04-04T18:56:12+00:00\",\"dateModified\":\"2023-04-17T14:23:30+00:00\",\"breadcrumb\":{\"@id\":\"https:\\\/\\\/materiaisdiversos.com\\\/desenvolvemos\\\/o-tempo-das-cerejas\\\/?lang=en#breadcrumb\"},\"inLanguage\":\"en-US\",\"potentialAction\":[{\"@type\":\"ReadAction\",\"target\":[\"https:\\\/\\\/materiaisdiversos.com\\\/desenvolvemos\\\/o-tempo-das-cerejas\\\/?lang=en\"]}]},{\"@type\":\"ImageObject\",\"inLanguage\":\"en-US\",\"@id\":\"https:\\\/\\\/materiaisdiversos.com\\\/desenvolvemos\\\/o-tempo-das-cerejas\\\/?lang=en#primaryimage\",\"url\":\"https:\\\/\\\/materiaisdiversos.com\\\/wp-content\\\/uploads\\\/OTDC_2022.png\",\"contentUrl\":\"https:\\\/\\\/materiaisdiversos.com\\\/wp-content\\\/uploads\\\/OTDC_2022.png\",\"width\":1000,\"height\":1000},{\"@type\":\"BreadcrumbList\",\"@id\":\"https:\\\/\\\/materiaisdiversos.com\\\/desenvolvemos\\\/o-tempo-das-cerejas\\\/?lang=en#breadcrumb\",\"itemListElement\":[{\"@type\":\"ListItem\",\"position\":1,\"name\":\"In\u00edcio\",\"item\":\"https:\\\/\\\/materiaisdiversos.com\\\/\"},{\"@type\":\"ListItem\",\"position\":2,\"name\":\"O Tempo das Cerejas\"}]},{\"@type\":\"WebSite\",\"@id\":\"https:\\\/\\\/materiaisdiversos.com\\\/#website\",\"url\":\"https:\\\/\\\/materiaisdiversos.com\\\/\",\"name\":\"Materiais Diversos\",\"description\":\"\",\"potentialAction\":[{\"@type\":\"SearchAction\",\"target\":{\"@type\":\"EntryPoint\",\"urlTemplate\":\"https:\\\/\\\/materiaisdiversos.com\\\/?s={search_term_string}\"},\"query-input\":{\"@type\":\"PropertyValueSpecification\",\"valueRequired\":true,\"valueName\":\"search_term_string\"}}],\"inLanguage\":\"en-US\"}]}<\/script>\n<!-- \/ Yoast SEO plugin. -->","yoast_head_json":{"title":"O Tempo das Cerejas - Materiais Diversos","robots":{"index":"index","follow":"follow","max-snippet":"max-snippet:-1","max-image-preview":"max-image-preview:large","max-video-preview":"max-video-preview:-1"},"canonical":"https:\/\/materiaisdiversos.com\/desenvolvemos\/o-tempo-das-cerejas\/?lang=en","og_locale":"en_US","og_type":"article","og_title":"O Tempo das Cerejas - Materiais Diversos","og_description":"In 2022, we will carry out O Tempo das Cherries in the form of public conversations, touring various cultural spaces in the territories where we program. These conversations will be videotaped and then shared online. Anticipating the last of this year&#8217;s sessions, dedicated to the book by Ana Pais &#8220;Who&#8217;s afraid of emotions?&#8221;, we highlight [&hellip;]","og_url":"https:\/\/materiaisdiversos.com\/desenvolvemos\/o-tempo-das-cerejas\/?lang=en","og_site_name":"Materiais Diversos","article_modified_time":"2023-04-17T14:23:30+00:00","og_image":[{"width":1000,"height":1000,"url":"https:\/\/materiaisdiversos.com\/wp-content\/uploads\/OTDC_2022.png","type":"image\/png"}],"twitter_card":"summary_large_image","twitter_misc":{"Est. reading time":"2 minutes"},"schema":{"@context":"https:\/\/schema.org","@graph":[{"@type":"WebPage","@id":"https:\/\/materiaisdiversos.com\/desenvolvemos\/o-tempo-das-cerejas\/?lang=en","url":"https:\/\/materiaisdiversos.com\/desenvolvemos\/o-tempo-das-cerejas\/?lang=en","name":"O Tempo das Cerejas - Materiais Diversos","isPartOf":{"@id":"https:\/\/materiaisdiversos.com\/#website"},"primaryImageOfPage":{"@id":"https:\/\/materiaisdiversos.com\/desenvolvemos\/o-tempo-das-cerejas\/?lang=en#primaryimage"},"image":{"@id":"https:\/\/materiaisdiversos.com\/desenvolvemos\/o-tempo-das-cerejas\/?lang=en#primaryimage"},"thumbnailUrl":"https:\/\/materiaisdiversos.com\/wp-content\/uploads\/OTDC_2022.png","datePublished":"2017-04-04T18:56:12+00:00","dateModified":"2023-04-17T14:23:30+00:00","breadcrumb":{"@id":"https:\/\/materiaisdiversos.com\/desenvolvemos\/o-tempo-das-cerejas\/?lang=en#breadcrumb"},"inLanguage":"en-US","potentialAction":[{"@type":"ReadAction","target":["https:\/\/materiaisdiversos.com\/desenvolvemos\/o-tempo-das-cerejas\/?lang=en"]}]},{"@type":"ImageObject","inLanguage":"en-US","@id":"https:\/\/materiaisdiversos.com\/desenvolvemos\/o-tempo-das-cerejas\/?lang=en#primaryimage","url":"https:\/\/materiaisdiversos.com\/wp-content\/uploads\/OTDC_2022.png","contentUrl":"https:\/\/materiaisdiversos.com\/wp-content\/uploads\/OTDC_2022.png","width":1000,"height":1000},{"@type":"BreadcrumbList","@id":"https:\/\/materiaisdiversos.com\/desenvolvemos\/o-tempo-das-cerejas\/?lang=en#breadcrumb","itemListElement":[{"@type":"ListItem","position":1,"name":"In\u00edcio","item":"https:\/\/materiaisdiversos.com\/"},{"@type":"ListItem","position":2,"name":"O Tempo das Cerejas"}]},{"@type":"WebSite","@id":"https:\/\/materiaisdiversos.com\/#website","url":"https:\/\/materiaisdiversos.com\/","name":"Materiais Diversos","description":"","potentialAction":[{"@type":"SearchAction","target":{"@type":"EntryPoint","urlTemplate":"https:\/\/materiaisdiversos.com\/?s={search_term_string}"},"query-input":{"@type":"PropertyValueSpecification","valueRequired":true,"valueName":"search_term_string"}}],"inLanguage":"en-US"}]}},"_links":{"self":[{"href":"https:\/\/materiaisdiversos.com\/en\/wp-json\/wp\/v2\/desenvolvemos-api\/1825","targetHints":{"allow":["GET"]}}],"collection":[{"href":"https:\/\/materiaisdiversos.com\/en\/wp-json\/wp\/v2\/desenvolvemos-api"}],"about":[{"href":"https:\/\/materiaisdiversos.com\/en\/wp-json\/wp\/v2\/types\/desenvolvemos"}],"version-history":[{"count":45,"href":"https:\/\/materiaisdiversos.com\/en\/wp-json\/wp\/v2\/desenvolvemos-api\/1825\/revisions"}],"predecessor-version":[{"id":4911,"href":"https:\/\/materiaisdiversos.com\/en\/wp-json\/wp\/v2\/desenvolvemos-api\/1825\/revisions\/4911"}],"wp:featuredmedia":[{"embeddable":true,"href":"https:\/\/materiaisdiversos.com\/en\/wp-json\/wp\/v2\/media\/4081"}],"wp:attachment":[{"href":"https:\/\/materiaisdiversos.com\/en\/wp-json\/wp\/v2\/media?parent=1825"}],"curies":[{"name":"wp","href":"https:\/\/api.w.org\/{rel}","templated":true}]}}