{"id":2441,"date":"2017-03-04T18:11:39","date_gmt":"2017-03-04T18:11:39","guid":{"rendered":"https:\/\/materiaisdiversos.com\/?post_type=desenvolvemos&#038;p=2441"},"modified":"2023-03-09T12:32:07","modified_gmt":"2023-03-09T12:32:07","slug":"materiais-acessiveis","status":"publish","type":"desenvolvemos","link":"https:\/\/materiaisdiversos.com\/en\/we-develop\/materiais-acessiveis\/","title":{"rendered":"Materiais Acess\u00edveis"},"content":{"rendered":"<p>Access to cultural participation is a right of all people.<br \/>\nWe want to develop increasingly accessible programming and communication and raise awareness among peers and partners in the same direction.<br \/>\nMateriais Diversos accessible programming includes workshops, performances, debates and other activities and is identified with the stamp Materiais Acess\u00edveis.<br \/>\nAt the same time, we consolidated a local network of partners that allows informing and mobilizing people with disabilities and deaf people for cultural participation.<\/p>\n<p>&nbsp;<\/p>\n<h2>PROGRAMME<\/h2>\n<h2><\/h2>\n<p>&nbsp;<\/p>\n<h5><span style=\"color: #999999;\">5 de Junho 2021<br \/>\nBiblioteca Municipal Marcelino Mesquita<\/span><\/h5>\n<h2><a href=\"https:\/\/materiaisdiversos.com\/desenvolvemos\/ampli-ar\/?lang=en\"><strong>ampli.AR <\/strong><strong>&#8211; <\/strong><\/a><strong><a href=\"https:\/\/materiaisdiversos.com\/desenvolvemos\/ampli-ar\/?lang=en\">Oficina de pr\u00e1ticas art\u00edsticas para t\u00e9cnicos de sa\u00fade cuidadores<\/a><br \/>\n<\/strong><\/h2>\n<p><span style=\"color: #808080;\">Rita Machado | A M P L I T U D E<\/span><\/p>\n<h2><\/h2>\n<p>&nbsp;<\/p>\n<h5><span style=\"color: #999999;\">16 de Junho 2021<br \/>\n<\/span><span style=\"color: #999999;\">Centro Cultural do Cartaxo<\/span><\/h5>\n<h2><a href=\"https:\/\/materiaisdiversos.com\/desenvolvemos\/oficinas-de-danca-para-corpos-fora-da-norma\/\"><strong>Oficina de dan\u00e7a para corpos fora da norma<\/strong><\/a><\/h2>\n<p><span style=\"color: #808080;\">Diana Niepce<br \/>\n<\/span><\/p>\n<h2><\/h2>\n<p>&nbsp;<\/p>\n<h5><span style=\"color: #999999;\">13 de Julho 2021<br \/>\nBiblioteca Municipal Marcelino Mesquita<\/span><\/h5>\n<h2><a href=\"https:\/\/materiaisdiversos.com\/desenvolvemos\/de-corpo-inteiro-dance-workshop\/?lang=en\">De Corpo Inteiro<\/a><a href=\"https:\/\/materiaisdiversos.com\/desenvolvemos\/de-corpo-inteiro-dance-workshop\/?lang=en\"> &#8211; Oficina de dan\u00e7a<\/a><\/h2>\n<p><span style=\"color: #808080;\">Kimberley Ribeiro e Michel | Companhia Maior<\/span><\/p>\n<p>&nbsp;<\/p>\n<p>&nbsp;<\/p>\n<h5><span style=\"color: #999999;\">5 de Julho 2021<br \/>\nCentro Cultural do Cartaxo<\/span><\/h5>\n<h2><a href=\"https:\/\/materiaisdiversos.com\/desenvolvemos\/workshop-for-an-accessible-cultural-practice\/?lang=en\">Oficina para uma pr\u00e1tica cultural acess\u00edvel<\/a><\/h2>\n<p><span style=\"color: #808080;\">Elisabete Paiva, APPACDM Santar\u00e9m e Agrupamento de Escolas S\u00e1 da Bandeira<\/span><\/p>\n<p>&nbsp;<\/p>\n<p>&nbsp;<\/p>\n<h5><span style=\"color: #999999;\">30 de Setembro<\/span><span style=\"color: #999999;\"><br \/>\n<\/span><span style=\"color: #999999;\">Centro Cultural do Cartaxo<\/span><\/h5>\n<h2><a href=\"https:\/\/materiaisdiversos.com\/desenvolvemos\/laboratorios-coreograficos-appacdm\/\"><strong>Laborat\u00f3rios coreogr\u00e1ficos APPACDM<\/strong><\/a><\/h2>\n<p><span style=\"color: #808080;\">T\u00e2nia Carvalho<\/span><\/p>\n<h2><\/h2>\n<p>&nbsp;<\/p>\n<h5><span style=\"color: #999999;\">5 \u2014 17 de Outubro 2021<br \/>\nCartaxo, Minde e Alcanena<\/span><\/h5>\n<h2><a href=\"https:\/\/2021.materiaisdiversos.com\"><strong>Festival Materiais Diversos 2021<\/strong><\/a><\/h2>\n<p>&nbsp;<\/p>\n<p>&nbsp;<\/p>\n<p>&nbsp;<\/p>\n<h5><span style=\"color: #999999;\">9 de Novembro 2021<br \/>\n<\/span><span style=\"color: #999999;\">Centro Cultural do Cartaxo<\/span><\/h5>\n<h2><a href=\"https:\/\/materiaisdiversos.com\/desenvolvemos\/laboratorios-coreograficos-appacdm\/\"><strong>Laborat\u00f3rios coreogr\u00e1ficos APPACDM<\/strong><\/a><\/h2>\n<p><span style=\"color: #808080;\">Diana Niepce<\/span><\/p>\n<p>&nbsp;<\/p>\n<p>&nbsp;<\/p>\n<h5><span style=\"color: #999999;\">24 de Mar\u00e7o 2022<br \/>\n<\/span><span style=\"color: #999999;\">CRIT \u2014 Centro de Reabilita\u00e7\u00e3o e Integra\u00e7\u00e3o Torrejano<\/span><\/h5>\n<h2><a href=\"https:\/\/materiaisdiversos.com\/desenvolvemos\/oficinas-de-danca-para-corpos-fora-da-norma\/\"><strong>Oficina de dan\u00e7a para corpos fora da norma<\/strong><\/a><\/h2>\n<p><span style=\"color: #808080;\">Diana Niepce<\/span><\/p>\n<h5><\/h5>\n<p>&nbsp;<\/p>\n<p>&nbsp;<\/p>\n<h5><span style=\"color: #999999;\">9 de Abril 2022<br \/>\n<\/span><span style=\"color: #999999;\">Biblioteca Municipal Marcelino Mesquita<\/span><\/h5>\n<div class=\"ahS2Le\">\n<h2 class=\"F9yp7e ikZYwf G4EHhc\" dir=\"auto\" role=\"heading\" aria-level=\"1\"><a href=\"https:\/\/materiaisdiversos.com\/desenvolvemos\/territorios-poeticos-ou-a-possibilidade-de-construir-uma-nova-geografia\/?lang=en\">Oficina Territ\u00f3rios Po\u00e9ticos &#8211; ou a possibilidade de construir uma nova geografia<\/a><\/h2>\n<\/div>\n<p><span style=\"color: #808080;\">Marco Paiva<\/span><\/p>\n<h2><\/h2>\n<p>&nbsp;<\/p>\n<p>&nbsp;<\/p>\n<h5><span style=\"color: #999999;\">21 de Abril 2022<br \/>\n<\/span><span style=\"color: #999999;\">Escola Ginestal Machado<\/span><\/h5>\n<h2><a href=\"https:\/\/materiaisdiversos.com\/desenvolvemos\/oficinas-de-danca-para-corpos-fora-da-norma\/\"><strong>Oficina de dan\u00e7a para corpos fora da norma<\/strong><\/a><\/h2>\n<p><span style=\"color: #808080;\">Diana Niepce<\/span><\/p>\n<p>&nbsp;<\/p>\n<p>&nbsp;<\/p>\n<h5><\/h5>\n<h5><span style=\"color: #999999;\">11 de Maio 2022<br \/>\n<\/span><span style=\"color: #999999;\">Centro Cultural do Cartaxo<\/span><\/h5>\n<h2><a href=\"https:\/\/materiaisdiversos.com\/desenvolvemos\/laboratorios-coreograficos-appacdm\/\"><strong>Laborat\u00f3rios coreogr\u00e1ficos APPACDM<\/strong><\/a><\/h2>\n<p><span style=\"color: #808080;\">Mariana Tengner Barros<\/span><\/p>\n<p>&nbsp;<\/p>\n<p>&nbsp;<\/p>\n<p>&nbsp;<\/p>\n","protected":false},"featured_media":2438,"template":"","class_list":["post-2441","desenvolvemos","type-desenvolvemos","status-publish","has-post-thumbnail","hentry","area-acessibilidade-en"],"acf":[],"yoast_head":"<!-- This site is optimized with the Yoast SEO plugin v27.5 - https:\/\/yoast.com\/product\/yoast-seo-wordpress\/ -->\n<title>Materiais Acess\u00edveis - Materiais Diversos<\/title>\n<meta name=\"robots\" content=\"index, follow, max-snippet:-1, max-image-preview:large, max-video-preview:-1\" \/>\n<link rel=\"canonical\" href=\"https:\/\/materiaisdiversos.com\/desenvolvemos\/materiais-acessiveis\/?lang=en\" \/>\n<meta property=\"og:locale\" content=\"en_US\" \/>\n<meta property=\"og:type\" content=\"article\" \/>\n<meta property=\"og:title\" content=\"Materiais Acess\u00edveis - Materiais Diversos\" \/>\n<meta property=\"og:description\" content=\"Access to cultural participation is a right of all people. We want to develop increasingly accessible programming and communication and raise awareness among peers and partners in the same direction. Materiais Diversos accessible programming includes workshops, performances, debates and other activities and is identified with the stamp Materiais Acess\u00edveis. At the same time, we consolidated [&hellip;]\" \/>\n<meta property=\"og:url\" content=\"https:\/\/materiaisdiversos.com\/desenvolvemos\/materiais-acessiveis\/?lang=en\" \/>\n<meta property=\"og:site_name\" content=\"Materiais Diversos\" \/>\n<meta property=\"article:modified_time\" content=\"2023-03-09T12:32:07+00:00\" \/>\n<meta property=\"og:image\" content=\"https:\/\/materiaisdiversos.com\/wp-content\/uploads\/MA_logo_p.png\" \/>\n\t<meta property=\"og:image:width\" content=\"915\" \/>\n\t<meta property=\"og:image:height\" content=\"985\" \/>\n\t<meta property=\"og:image:type\" content=\"image\/png\" \/>\n<meta name=\"twitter:card\" content=\"summary_large_image\" \/>\n<meta name=\"twitter:label1\" content=\"Est. reading time\" \/>\n\t<meta name=\"twitter:data1\" content=\"2 minutes\" \/>\n<script type=\"application\/ld+json\" class=\"yoast-schema-graph\">{\"@context\":\"https:\\\/\\\/schema.org\",\"@graph\":[{\"@type\":\"WebPage\",\"@id\":\"https:\\\/\\\/materiaisdiversos.com\\\/desenvolvemos\\\/materiais-acessiveis\\\/?lang=en\",\"url\":\"https:\\\/\\\/materiaisdiversos.com\\\/desenvolvemos\\\/materiais-acessiveis\\\/?lang=en\",\"name\":\"Materiais Acess\u00edveis - Materiais Diversos\",\"isPartOf\":{\"@id\":\"https:\\\/\\\/materiaisdiversos.com\\\/#website\"},\"primaryImageOfPage\":{\"@id\":\"https:\\\/\\\/materiaisdiversos.com\\\/desenvolvemos\\\/materiais-acessiveis\\\/?lang=en#primaryimage\"},\"image\":{\"@id\":\"https:\\\/\\\/materiaisdiversos.com\\\/desenvolvemos\\\/materiais-acessiveis\\\/?lang=en#primaryimage\"},\"thumbnailUrl\":\"https:\\\/\\\/materiaisdiversos.com\\\/wp-content\\\/uploads\\\/MA_logo_p.png\",\"datePublished\":\"2017-03-04T18:11:39+00:00\",\"dateModified\":\"2023-03-09T12:32:07+00:00\",\"breadcrumb\":{\"@id\":\"https:\\\/\\\/materiaisdiversos.com\\\/desenvolvemos\\\/materiais-acessiveis\\\/?lang=en#breadcrumb\"},\"inLanguage\":\"en-US\",\"potentialAction\":[{\"@type\":\"ReadAction\",\"target\":[\"https:\\\/\\\/materiaisdiversos.com\\\/desenvolvemos\\\/materiais-acessiveis\\\/?lang=en\"]}]},{\"@type\":\"ImageObject\",\"inLanguage\":\"en-US\",\"@id\":\"https:\\\/\\\/materiaisdiversos.com\\\/desenvolvemos\\\/materiais-acessiveis\\\/?lang=en#primaryimage\",\"url\":\"https:\\\/\\\/materiaisdiversos.com\\\/wp-content\\\/uploads\\\/MA_logo_p.png\",\"contentUrl\":\"https:\\\/\\\/materiaisdiversos.com\\\/wp-content\\\/uploads\\\/MA_logo_p.png\",\"width\":915,\"height\":985},{\"@type\":\"BreadcrumbList\",\"@id\":\"https:\\\/\\\/materiaisdiversos.com\\\/desenvolvemos\\\/materiais-acessiveis\\\/?lang=en#breadcrumb\",\"itemListElement\":[{\"@type\":\"ListItem\",\"position\":1,\"name\":\"In\u00edcio\",\"item\":\"https:\\\/\\\/materiaisdiversos.com\\\/\"},{\"@type\":\"ListItem\",\"position\":2,\"name\":\"Materiais Acess\u00edveis\"}]},{\"@type\":\"WebSite\",\"@id\":\"https:\\\/\\\/materiaisdiversos.com\\\/#website\",\"url\":\"https:\\\/\\\/materiaisdiversos.com\\\/\",\"name\":\"Materiais Diversos\",\"description\":\"\",\"potentialAction\":[{\"@type\":\"SearchAction\",\"target\":{\"@type\":\"EntryPoint\",\"urlTemplate\":\"https:\\\/\\\/materiaisdiversos.com\\\/?s={search_term_string}\"},\"query-input\":{\"@type\":\"PropertyValueSpecification\",\"valueRequired\":true,\"valueName\":\"search_term_string\"}}],\"inLanguage\":\"en-US\"}]}<\/script>\n<!-- \/ Yoast SEO plugin. -->","yoast_head_json":{"title":"Materiais Acess\u00edveis - Materiais Diversos","robots":{"index":"index","follow":"follow","max-snippet":"max-snippet:-1","max-image-preview":"max-image-preview:large","max-video-preview":"max-video-preview:-1"},"canonical":"https:\/\/materiaisdiversos.com\/desenvolvemos\/materiais-acessiveis\/?lang=en","og_locale":"en_US","og_type":"article","og_title":"Materiais Acess\u00edveis - Materiais Diversos","og_description":"Access to cultural participation is a right of all people. We want to develop increasingly accessible programming and communication and raise awareness among peers and partners in the same direction. Materiais Diversos accessible programming includes workshops, performances, debates and other activities and is identified with the stamp Materiais Acess\u00edveis. At the same time, we consolidated [&hellip;]","og_url":"https:\/\/materiaisdiversos.com\/desenvolvemos\/materiais-acessiveis\/?lang=en","og_site_name":"Materiais Diversos","article_modified_time":"2023-03-09T12:32:07+00:00","og_image":[{"width":915,"height":985,"url":"https:\/\/materiaisdiversos.com\/wp-content\/uploads\/MA_logo_p.png","type":"image\/png"}],"twitter_card":"summary_large_image","twitter_misc":{"Est. reading time":"2 minutes"},"schema":{"@context":"https:\/\/schema.org","@graph":[{"@type":"WebPage","@id":"https:\/\/materiaisdiversos.com\/desenvolvemos\/materiais-acessiveis\/?lang=en","url":"https:\/\/materiaisdiversos.com\/desenvolvemos\/materiais-acessiveis\/?lang=en","name":"Materiais Acess\u00edveis - Materiais Diversos","isPartOf":{"@id":"https:\/\/materiaisdiversos.com\/#website"},"primaryImageOfPage":{"@id":"https:\/\/materiaisdiversos.com\/desenvolvemos\/materiais-acessiveis\/?lang=en#primaryimage"},"image":{"@id":"https:\/\/materiaisdiversos.com\/desenvolvemos\/materiais-acessiveis\/?lang=en#primaryimage"},"thumbnailUrl":"https:\/\/materiaisdiversos.com\/wp-content\/uploads\/MA_logo_p.png","datePublished":"2017-03-04T18:11:39+00:00","dateModified":"2023-03-09T12:32:07+00:00","breadcrumb":{"@id":"https:\/\/materiaisdiversos.com\/desenvolvemos\/materiais-acessiveis\/?lang=en#breadcrumb"},"inLanguage":"en-US","potentialAction":[{"@type":"ReadAction","target":["https:\/\/materiaisdiversos.com\/desenvolvemos\/materiais-acessiveis\/?lang=en"]}]},{"@type":"ImageObject","inLanguage":"en-US","@id":"https:\/\/materiaisdiversos.com\/desenvolvemos\/materiais-acessiveis\/?lang=en#primaryimage","url":"https:\/\/materiaisdiversos.com\/wp-content\/uploads\/MA_logo_p.png","contentUrl":"https:\/\/materiaisdiversos.com\/wp-content\/uploads\/MA_logo_p.png","width":915,"height":985},{"@type":"BreadcrumbList","@id":"https:\/\/materiaisdiversos.com\/desenvolvemos\/materiais-acessiveis\/?lang=en#breadcrumb","itemListElement":[{"@type":"ListItem","position":1,"name":"In\u00edcio","item":"https:\/\/materiaisdiversos.com\/"},{"@type":"ListItem","position":2,"name":"Materiais Acess\u00edveis"}]},{"@type":"WebSite","@id":"https:\/\/materiaisdiversos.com\/#website","url":"https:\/\/materiaisdiversos.com\/","name":"Materiais Diversos","description":"","potentialAction":[{"@type":"SearchAction","target":{"@type":"EntryPoint","urlTemplate":"https:\/\/materiaisdiversos.com\/?s={search_term_string}"},"query-input":{"@type":"PropertyValueSpecification","valueRequired":true,"valueName":"search_term_string"}}],"inLanguage":"en-US"}]}},"_links":{"self":[{"href":"https:\/\/materiaisdiversos.com\/en\/wp-json\/wp\/v2\/desenvolvemos-api\/2441","targetHints":{"allow":["GET"]}}],"collection":[{"href":"https:\/\/materiaisdiversos.com\/en\/wp-json\/wp\/v2\/desenvolvemos-api"}],"about":[{"href":"https:\/\/materiaisdiversos.com\/en\/wp-json\/wp\/v2\/types\/desenvolvemos"}],"version-history":[{"count":18,"href":"https:\/\/materiaisdiversos.com\/en\/wp-json\/wp\/v2\/desenvolvemos-api\/2441\/revisions"}],"predecessor-version":[{"id":4825,"href":"https:\/\/materiaisdiversos.com\/en\/wp-json\/wp\/v2\/desenvolvemos-api\/2441\/revisions\/4825"}],"wp:featuredmedia":[{"embeddable":true,"href":"https:\/\/materiaisdiversos.com\/en\/wp-json\/wp\/v2\/media\/2438"}],"wp:attachment":[{"href":"https:\/\/materiaisdiversos.com\/en\/wp-json\/wp\/v2\/media?parent=2441"}],"curies":[{"name":"wp","href":"https:\/\/api.w.org\/{rel}","templated":true}]}}